{"id":24,"date":"2021-09-24T12:20:18","date_gmt":"2021-09-24T10:20:18","guid":{"rendered":"https:\/\/setup-24.de\/?page_id=24"},"modified":"2024-06-26T09:29:26","modified_gmt":"2024-06-26T07:29:26","slug":"data-protection","status":"publish","type":"page","link":"https:\/\/www.theexecutivefinder.eu\/en\/datenschutz\/","title":{"rendered":"Privacy Policies"},"content":{"rendered":"\n\t<section class=\"section\" id=\"section_43698801\">\n\t\t<div class=\"section-bg fill\" >\n\t\t\t<img loading=\"lazy\" decoding=\"async\" width=\"2121\" height=\"1414\" src=\"https:\/\/www.theexecutivefinder.eu\/wp-content\/uploads\/2021\/09\/iStock-1264798472.jpg\" class=\"bg attachment- size-\" alt=\"Studio Setup24 Co-working Space B\u00fcro\" \/>\t\t\t\t\t\t<div class=\"section-bg-overlay absolute fill\"><\/div>\n\t\t\t\n\n\t\t<\/div>\n\n\t\t\n\n\t\t<div class=\"section-content relative\">\n\t\t\t\n<div class=\"row row-collapse align-center\" style=\"max-width:\" id=\"row-1635833129\">\n\n\t<div id=\"col-1416595929\" class=\"col small-12 large-12\"  >\n\t\t\t\t<div class=\"col-inner text-center dark\"  >\n\t\t\t\n\t\t\t\n<h1><span style=\"font-size: 250%;\">Datenschutz<\/span><\/h1>\n<p class=\"lead\"><span style=\"font-size: 120%;\">Ihre Daten sind uns wichtig<\/span><\/p>\n\t\t<\/div>\n\t\t\t\t\n<style>\n#col-1416595929 > .col-inner {\n  padding: 100px 20px 200px 0px;\n}\n@media (min-width:550px) {\n  #col-1416595929 > .col-inner {\n    padding: 100px 0px 200px 0px;\n  }\n}\n<\/style>\n\t<\/div>\n\n\t\n<\/div>\n\t\t<\/div>\n\n\t\t\n<style>\n#section_43698801 {\n  padding-top: 0px;\n  padding-bottom: 0px;\n  min-height: 0px;\n}\n#section_43698801 .section-bg-overlay {\n  background-color: rgba(0, 0, 0, 0.12);\n}\n#section_43698801 .section-bg img {\n  object-position: 55% 100%;\n}\n@media (min-width:550px) {\n  #section_43698801 {\n    padding-top: 0px;\n    padding-bottom: 0px;\n  }\n  #section_43698801 .section-bg-overlay {\n    background-color: rgba(0, 0, 0, 0.21);\n  }\n}\n@media (min-width:850px) {\n  #section_43698801 {\n    padding-top: 100px;\n    padding-bottom: 100px;\n  }\n  #section_43698801 .section-bg-overlay {\n    background-color: rgba(0, 0, 0, 0.12);\n  }\n}\n<\/style>\n\t<\/section>\n\t\n<div class=\"row row-large\" style=\"max-width:1400px\" id=\"row-808986244\">\n\n\t<div id=\"col-2097966496\" class=\"col small-12 large-12\"  >\n\t\t\t\t<div class=\"col-inner\" style=\"background-color:rgb(255, 255, 255);\" >\n\t\t\t\n\t\t\t\n<div class=\"row row-collapse row-full-width\"  id=\"row-422856373\">\n\n\t<div id=\"col-1540486032\" class=\"col medium-12 small-12 large-6\"  >\n\t\t\t\t<div class=\"col-inner\"  >\n\t\t\t\n\t\t\t\n<h2><span style=\"font-size: 120%;\">Datenschutzerkl\u00e4rung<\/span><\/h2>\n\t<div id=\"gap-1748228525\" class=\"gap-element clearfix\" style=\"display:block; height:auto;\">\n\t\t\n<style>\n#gap-1748228525 {\n  padding-top: 20px;\n}\n@media (min-width:550px) {\n  #gap-1748228525 {\n    padding-top: 20px;\n  }\n}\n@media (min-width:850px) {\n  #gap-1748228525 {\n    padding-top: 30px;\n  }\n}\n<\/style>\n\t<\/div>\n\t\n<h3>Datenschutzinformationen<\/h3>\n<p>Die Tostmann The Executive Finder GmbH stellt unter der Webadresse www.theexecutivefinder.eu ihre Website bereit, in der sie \u00fcber ihre Dienstleistungen informiert.<\/p>\n<p>Im Folgenden erhalten Sie Informationen \u00fcber den f\u00fcr die Verarbeitung Ihrer personenbezogenen Daten Verantwortlichen (Abschnitt Informationen \u00fcber den Verantwortlichen) sowie \u00fcber Ihre Rechte in Bezug auf die Verarbeitung Ihrer personenbezogenen Daten (Abschnitt Informationen \u00fcber Rechte der betroffenen Personen)<\/p>\n<p>Au\u00dferdem erhalten Sie im Folgenden Informationen \u00fcber die Verarbeitung Ihrer personenbezogenen Daten sowie Informationen \u00fcber den Einsatz von Cookies (Abschnitt Informationen \u00fcber die Verarbeitung personenbezogener Daten) im Zusammenhang mit unserer Website.<\/p>\n<h3>A. Inhaltsverzeichnis<\/h3>\n<p>B. Informationen \u00fcber den Verantwortlichen <br \/>C. Informationen \u00fcber Rechte der betroffenen Personen<br \/>I. Recht auf Auskunft<br \/>II. Recht auf Berichtigung<br \/>III. Recht auf L\u00f6schung (\u201eRecht auf Vergessenwerden\u201c) <br \/>IV. Recht auf Einschr\u00e4nkung der Verarbeitung <br \/>V. Recht auf Daten\u00fcbertragbarkeit <br \/>VI. Recht auf Widerspruch <br \/>VII. Recht auf Widerruf von Einwilligungen <br \/>VIII. Recht auf Beschwerde bei der Aufsichtsbeh\u00f6rde <br \/>D. Informationen \u00fcber die Verarbeitung personenbezogener Daten <br \/>I. Details zu den personenbezogenen Daten, die verarbeitet werden <br \/>II. Details zu der Verarbeitung der personenbezogenen Daten <br \/>E. Stand und \u00c4nderung dieser Datenschutzinformationen<\/p>\n<p>\u00a0<\/p>\n<h3>B. Informationen \u00fcber den Verantwortlichen<\/h3>\n<p>Tostmann The Executive Finder GmbH<br \/>Theodor-Heuss-Allee 112<br \/>60486 Frankfurt am Main, Deutschland<br \/>office@theexecutivefinder.eu<br \/>Telefon: +49 (0)69 6677 41-380<br \/>Telefax: +49 (0)69 6677 41-383<\/p>\n<h3>C. Informationen \u00fcber Rechte der betroffenen Personen<\/h3>\n<p>Als betroffene Person haben Sie in Bezug auf die Verarbeitung Ihrer personenbezogenen Daten folgende Rechte:<\/p>\n<ul>\n<li>Recht auf Auskunft (Artikel 15 der Datenschutz-Grundverordnung)<\/li>\n<li>Recht auf Berichtigung (Artikel 16 der Datenschutz-Grundverordnung)<\/li>\n<li>Recht auf L\u00f6schung (\u201eRecht auf Vergessenwerden\u201c) (Artikel 17 der Datenschutz-Grundverordnung)<\/li>\n<li>Recht auf Einschr\u00e4nkung der Verarbeitung (Artikel 18 der Datenschutz-Grundverordnung)<\/li>\n<li>Recht auf Daten\u00fcbertragbarkeit (Artikel 20 der Datenschutz-Grundverordnung)<\/li>\n<li>Recht auf Widerspruch (Artikel 21 der Datenschutz-Grundverordnung)<\/li>\n<li>Recht auf Widerruf von Einwilligungen (Artikel 7 Absatz 3 der Datenschutz-Grundverordnung)<\/li>\n<li>Recht auf Beschwerde bei der Aufsichtsbeh\u00f6rde (Artikel 57 Absatz 1 Buchstabe f der Datenschutz-Grundverordnung)<\/li>\n<\/ul>\n<p>Zur Aus\u00fcbung Ihrer Rechte k\u00f6nnen Sie sich an uns wenden (Abschnitt Informationen \u00fcber den Verantwortlichen).<\/p>\n<p>Informationen \u00fcber etwaige besondere Modalit\u00e4ten und Mechanismen, die Ihnen die Aus\u00fcbung Ihrer Rechte erleichtern, insbesondere zur Aus\u00fcbung Ihrer Rechte auf Daten\u00fcbertagbarkeit und Widerspruch, erhalten Sie gegebenenfalls in den Informationen zu der Verarbeitung personenbezogener Daten in Abschnitt Informationen \u00fcber die Verarbeitung personenbezogener Daten dieser Datenschutzinformationen.<\/p>\n<p>Im Folgenden erhalten Sie detailliertere Informationen zur Ihren Rechten in Bezug auf die Verarbeitung Ihrer personenbezogenen Daten:<\/p>\n<h3>III.I. Recht auf Auskunft<\/h3>\n<p>Als betroffene Person haben Sie unter den Voraussetzungen von Artikel 15 der Datenschutz-Grundverordnung ein Recht auf Auskunft.<\/p>\n<p>Das bedeutet insbesondere, dass Sie das Recht haben, von uns eine Best\u00e4tigung dar\u00fcber zu verlangen, ob wir Sie betreffende personenbezogene Daten verarbeiten. Ist dies der Fall, haben Sie au\u00dferdem ein Recht auf Auskunft \u00fcber diese personenbezogenen Daten und auf die in Artikel 15 Absatz 1 der Datenschutz-Grundverordnung aufgef\u00fchrten Informationen. Dazu geh\u00f6ren beispielsweise Informationen \u00fcber die Verarbeitungszwecke, \u00fcber die Kategorien personenbezogener Daten, die verarbeitet werden, sowie \u00fcber die Empf\u00e4nger oder Kategorien von Empf\u00e4ngern, gegen\u00fcber denen die personenbezogenen Daten offengelegt worden sind oder noch offengelegt werden (Artikel 15 Absatz 1 Buchstaben a, b und c der Datenschutz-Grundverordnung).<\/p>\n<p>Den vollen Umfang Ihres Rechts auf Auskunft k\u00f6nnen Sie Artikel 15 der Datenschutz-Grundverordnung entnehmen, die Sie unter folgendem Link abrufen k\u00f6nnen: <a href=\"http:\/\/eur-lex.europa.eu\/legal-content\/DE\/TXT\/HTML\/?uri=CELEX:32016R0679\" target=\"_blank\" rel=\"noopener\">http:\/\/eur-lex.europa.eu\/legal-content\/DE\/TXT\/HTML\/?uri=CELEX:32016R0679<\/a>.<\/p>\n<h3>III.II. Recht auf Berichtigung<\/h3>\n<p>Als betroffene Person haben Sie unter den Voraussetzungen von Artikel 16 der Datenschutz-Grundverordnung ein Recht auf Berichtigung.<\/p>\n<p>Das bedeutet insbesondere, dass Sie das Recht haben, von uns unverz\u00fcglich die Berichtigung Sie betreffender unrichtiger personenbezogener Daten sowie die Vervollst\u00e4ndigung unvollst\u00e4ndiger personenbezogener Daten zu verlangen.<\/p>\n<p>Den vollen Umfang Ihres Rechts auf Berichtigung k\u00f6nnen Sie Artikel 16 der Datenschutz-Grundverordnung entnehmen, die Sie unter folgendem Link abrufen k\u00f6nnen: <a href=\"http:\/\/eur-lex.europa.eu\/legal-content\/DE\/TXT\/HTML\/?uri=CELEX:32016R0679\" target=\"_blank\" rel=\"noopener\">http:\/\/eur-lex.europa.eu\/legal-content\/DE\/TXT\/HTML\/?uri=CELEX:32016R0679<\/a>.<\/p>\n<h3>III.III. Recht auf L\u00f6schung (\u201eRecht auf Vergessenwerden\u201c)<\/h3>\n<p>Als betroffene Person haben Sie unter den Voraussetzungen von Artikel 17 der Datenschutz-Grundverordnung ein Recht auf L\u00f6schung (\u201eRecht auf Vergessenwerden\u201c).<\/p>\n<p>Das bedeutet, dass Sie grunds\u00e4tzlich das Recht haben, von uns zu verlangen, dass Sie betreffende personenbezogene Daten unverz\u00fcglich gel\u00f6scht werden, und wir verpflichtet sind, personenbezogene Daten unverz\u00fcglich zu l\u00f6schen, sofern einer der in Artikel 17 Absatz 1 der Datenschutz-Grundverordnung aufgef\u00fchrten Gr\u00fcnde zutrifft. Das kann beispielsweise der Fall sein, wenn personenbezogenen Daten f\u00fcr die Zwecke, f\u00fcr die sie erhoben oder auf sonstige Weise verarbeitet wurden, nicht mehr notwendig sind (Artikel 17 Absatz 1 Buchstabe a der Datenschutz-Grundverordnung).<\/p>\n<p>Soweit wir die personenbezogenen Daten \u00f6ffentlich gemacht haben und wir zu deren L\u00f6schung verpflichtet sind, sind wir au\u00dferdem verpflichtet unter Ber\u00fccksichtigung der verf\u00fcgbaren Technologie und der Implementierungskosten angemessene Ma\u00dfnahmen, auch technischer Art, zu treffen, um andere f\u00fcr die Datenverarbeitung Verantwortliche, die die personenbezogenen Daten verarbeiten, dar\u00fcber zu informieren, dass eine betroffene Person von ihnen die L\u00f6schung aller Links zu diesen personenbezogenen Daten oder von Kopien oder Replikationen dieser personenbezogenen Daten verlangt hat (Artikel 17 Absatz 2 der Datenschutz-Grundverordnung).<\/p>\n<p>Das Recht auf L\u00f6schung (\u201eRecht auf Vergessenwerden\u201c) gilt ausnahmsweise nicht, soweit die Verarbeitung aus den in Artikel 17 Absatz 3 der Datenschutz-Grundverordnung aufgef\u00fchrten Gr\u00fcnden erforderlich ist. Das kann beispielsweise der Fall sein, soweit die Verarbeitung zur Erf\u00fcllung einer rechtlichen Verpflichtung oder zur Geltendmachung, Aus\u00fcbung oder Verteidigung von Rechtsanspr\u00fcchen erforderlich ist (Artikel 17 Absatz 3 Buchstaben a und e der Datenschutz-Grundverordnung).<\/p>\n<p>Den vollen Umfang Ihres Rechts auf L\u00f6schung k\u00f6nnen Sie Artikel 17 der Datenschutz-Grundverordnung entnehmen, die Sie unter folgendem Link abrufen k\u00f6nnen: <a href=\"http:\/\/eur-lex.europa.eu\/legal-content\/DE\/TXT\/HTML\/?uri=CELEX:32016R0679\" target=\"_blank\" rel=\"noopener\">http:\/\/eur-lex.europa.eu\/legal-content\/DE\/TXT\/HTML\/?uri=CELEX:32016R0679<\/a>.<\/p>\n<h3>III.IV. Recht auf Einschr\u00e4nkung der Verarbeitung<\/h3>\n<p>Als betroffene Person haben Sie unter den Voraussetzungen von Artikel 18 der Datenschutz-Grundverordnung ein Recht auf Einschr\u00e4nkung der Verarbeitung.<\/p>\n<p>Das bedeutet, dass Sie das Recht haben, von uns die Einschr\u00e4nkung der Verarbeitung zu verlangen, wenn eine der in Artikel 18 Absatz 1 der Datenschutz-Grundverordnung aufgef\u00fchrten Voraussetzungen gegeben ist. Das kann beispielsweise der Fall sein, wenn Sie die Richtigkeit der personenbezogenen Daten bestreiten. Die Einschr\u00e4nkung der Verarbeitung erfolgt in diesem Fall f\u00fcr eine Dauer, die es uns erm\u00f6glicht, die Richtigkeit der personenbezogenen Daten zu \u00fcberpr\u00fcfen (Artikel 18 Absatz 1 Buchstabe a der Datenschutz-Grundverordnung).<\/p>\n<p>Einschr\u00e4nkung bedeutet die Markierung gespeicherter personenbezogener Daten mit dem Ziel, ihre k\u00fcnftige Verarbeitung einzuschr\u00e4nken (Artikel 4 Nummer 3 der Datenschutz-Grundverordnung).<\/p>\n<p>Den vollen Umfang Ihres Rechts auf Einschr\u00e4nkung der Verarbeitung k\u00f6nnen Sie Artikel 18 der Datenschutz-Grundverordnung entnehmen, die Sie unter folgendem Link abrufen k\u00f6nnen: <a href=\"http:\/\/eur-lex.europa.eu\/legal-content\/DE\/TXT\/HTML\/?uri=CELEX:32016R0679\" target=\"_blank\" rel=\"noopener\">http:\/\/eur-lex.europa.eu\/legal-content\/DE\/TXT\/HTML\/?uri=CELEX:32016R0679<\/a>.<\/p>\n<h3>III.V. Recht auf Daten\u00fcbertragbarkeit<\/h3>\n<p>Als betroffene Person haben Sie unter den Voraussetzungen von Artikel 20 der Datenschutz-Grundverordnung ein Recht auf Daten\u00fcbertragbarkeit.<\/p>\n<p>Das bedeutet, dass Sie grunds\u00e4tzlich das Recht haben, die Sie betreffenden personenbezogenen Daten, die sie uns bereitgestellt haben, in einem strukturierten, g\u00e4ngigen und maschinenlesbaren Format zu erhalten, und Sie das Recht haben, diese Daten einem anderen Verantwortlichen ohne Behinderung durch uns zu \u00fcbermitteln, sofern die Verarbeitung auf einer Einwilligung gem\u00e4\u00df Artikel 6 Absatz 1 Buchstabe a oder Artikel 9 Absatz 2 Buchstabe a der Datenschutz-Grundverordnung oder auf einem Vertrag gem\u00e4\u00df Artikel 6 Absatz 1 Buchstabe b der Datenschutz-Grundverordnung beruht und die Verarbeitung mithilfe automatisierter Verfahren erfolgt (Artikel 20 Absatz 1 der Datenschutz-Grundverordnung).<\/p>\n<p>Informationen dazu, ob eine Verarbeitung auf einer Einwilligung gem\u00e4\u00df Artikel 6 Absatz 1 Buchstabe a oder Artikel 9 Absatz 2 Buchstabe a der Datenschutz-Grundverordnung oder auf einem Vertrag gem\u00e4\u00df Artikel 6 Absatz 1 Buchstabe b der Datenschutz-Grundverordnung beruht, erhalten Sie in den Informationen zu den Rechtsgrundlagen der Verarbeitung in Abschnitt Informationen \u00fcber die Verarbeitung personenbezogener Daten dieser Datenschutzinformationen.<\/p>\n<p>Bei der Aus\u00fcbung ihres Rechts auf Daten\u00fcbertragbarkeit haben Sie au\u00dferdem grunds\u00e4tzlich das Recht, zu erwirken, dass die personenbezogenen Daten direkt von uns einem anderen Verantwortlichen \u00fcbermittelt werden, soweit dies technisch machbar ist (Artikel 20 Absatz 2 der Datenschutz-Grundverordnung).<\/p>\n<p>Den vollen Umfang Ihres Rechts auf Einschr\u00e4nkung der Verarbeitung k\u00f6nnen Sie Artikel 20 der Datenschutz-Grundverordnung entnehmen, die Sie unter folgendem Link abrufen k\u00f6nnen: <a href=\"http:\/\/eur-lex.europa.eu\/legal-content\/DE\/TXT\/HTML\/?uri=CELEX:32016R0679\" target=\"_blank\" rel=\"noopener\">http:\/\/eur-lex.europa.eu\/legal-content\/DE\/TXT\/HTML\/?uri=CELEX:32016R0679<\/a>.<\/p>\n<h3>III.VI. Recht auf Widerspruch<\/h3>\n<p>Als betroffene Person haben Sie unter den Voraussetzungen von Artikel 21 der Datenschutz-Grundverordnung ein Recht auf Widerspruch.<\/p>\n<p>Auf Ihr Recht auf Widerspruch weisen wir Sie als betroffene Person sp\u00e4testens zum Zeitpunkt der ersten Kommunikation mit Ihnen ausdr\u00fccklich hin.<\/p>\n<p>Im Folgenden erhalten Sie detailliertere Informationen hierzu:<\/p>\n<h3>3.6.1. Recht auf Widerspruch aus Gr\u00fcnden, die sich aus der besonderen Situation der betroffenen Person ergeben<\/h3>\n<p>Als betroffene Person haben Sie das Recht, aus Gr\u00fcnden, die sich aus Ihrer besonderen Situation ergeben, jederzeit gegen die Verarbeitung Sie betreffender personenbezogener Daten, die aufgrund von Artikel 6 Absatz 1 Buchstaben e oder f der Datenschutz-Grundverordnung erfolgt, Widerspruch einzulegen; dies gilt auch f\u00fcr ein auf diese Bestimmungen gest\u00fctztes Profiling (Artikel 4 Nr. 4 der Datenschutz-Grundverordnung).<\/p>\n<p>Informationen dazu, ob eine Verarbeitung aufgrund von Artikel 6 Absatz 1 Buchstaben e oder f der Datenschutz-Grundverordnung erfolgt, erhalten Sie in den Informationen zu den Rechtsgrundlagen der Verarbeitung in Abschnitt Informationen \u00fcber die Verarbeitung personenbezogener Daten dieser Datenschutzinformationen.<\/p>\n<p>Im Falle eines Widerspruchs aus Gr\u00fcnden, die sich aus Ihrer besonderen Situation ergeben, verarbeiten wir die betroffenen personenbezogenen Daten nicht mehr, es sei denn, wir k\u00f6nnen zwingende schutzw\u00fcrdige Gr\u00fcnde f\u00fcr die Verarbeitung nachweisen, die Ihre Interessen, Rechte und Freiheiten \u00fcberwiegen, oder die Verarbeitung dient der Geltendmachung, Aus\u00fcbung oder Verteidigung von Rechtsanspr\u00fcchen.<\/p>\n<p>Den vollen Umfang Ihres Rechts auf Widerspruch k\u00f6nnen Sie Artikel 21 der Datenschutz-Grundverordnung entnehmen, die Sie unter folgendem Link abrufen k\u00f6nnen: http:\/\/eur-lex.europa.eu\/legal-content\/DE\/TXT\/HTML\/?uri=CELEX:32016R0679.<\/p>\n<h3>3.6.2. Recht auf Widerspruch gegen Direktwerbung<\/h3>\n<p>Werden personenbezogene Daten verarbeitet, um Direktwerbung zu betreiben, so haben Sie das Recht, jederzeit Widerspruch gegen die Verarbeitung Sie betreffender personenbezogener Daten zum Zwecke derartiger Werbung einzulegen; dies gilt auch f\u00fcr das Profiling (Artikel 4 Nr. 4 der Datenschutz-Grundverordnung), soweit es mit solcher Direktwerbung in Verbindung steht.<\/p>\n<p>Informationen dazu, ob und in welchem Umfang personenbezogene Daten verarbeitet werden, um Direktwerbung zu betreiben, erhalten Sie in den Informationen zu den Zwecken der Verarbeitung in Abschnitt Informationen \u00fcber die Verarbeitung personenbezogener Daten dieser Datenschutzinformationen.<\/p>\n<p>Im Falle eines Widerspruchs gegen Verarbeitung f\u00fcr Zwecke der Direktwerbung, verarbeiten wir die betroffenen personenbezogenen Daten nicht mehr f\u00fcr diese Zwecke.<\/p>\n<p>Den vollen Umfang Ihres Rechts auf Widerspruch k\u00f6nnen Sie Artikel 21 der Datenschutz-Grundverordnung entnehmen, die Sie unter folgendem Link abrufen k\u00f6nnen: <a href=\"http:\/\/eur-lex.europa.eu\/legal-content\/DE\/TXT\/HTML\/?uri=CELEX:32016R0679\" target=\"_blank\" rel=\"noopener\">http:\/\/eur-lex.europa.eu\/legal-content\/DE\/TXT\/HTML\/?uri=CELEX:32016R0679<\/a>.<\/p>\n<h3>III.VII. Recht auf Widerruf von Einwilligungen<\/h3>\n<p>Wenn die Verarbeitung auf einer Einwilligung nach Artikel 6 Absatz 1 Buchstabe a oder Artikel 9 Absatz 2 Buchstabe a der Datenschutz-Grundverordnung beruht, haben Sie als betroffene Person nach Artikel 7 Absatz 3 der Datenschutz-Grundverordnung das Recht, Ihre Einwilligung jederzeit zu widerrufen. Durch den Widerruf der Einwilligung wird die Rechtm\u00e4\u00dfigkeit der aufgrund der Einwilligung bis zum Widerruf erfolgten Verarbeitung nicht ber\u00fchrt. Hiervon setzen wir Sie vor Abgabe der Einwilligung in Kenntnis.<\/p>\n<p>Informationen dazu, ob eine Verarbeitung auf einer Einwilligung nach Artikel 6 Absatz 1 Buchstabe a oder Artikel 9 Absatz 2 Buchstabe a der Datenschutz-Grundverordnung beruht, erhalten Sie in den Informationen zu den Rechtsgrundlagen der Verarbeitung in Abschnitt Informationen \u00fcber die Verarbeitung personenbezogener Daten dieser Datenschutzinformationen.<\/p>\n<h3>III.VIII. Recht auf Beschwerde bei der Aufsichtsbeh\u00f6rde<\/h3>\n<p>Als betroffene Person haben Sie unter den Voraussetzungen von Artikel 57 Absatz 1 Buchstabe f der Datenschutz-Grundverordnung das Recht, Beschwerde bei der zust\u00e4ndigen Aufsichtsbeh\u00f6rde einzulegen.<\/p>\n<p>Die f\u00fcr uns zust\u00e4ndige Aufsichtsbeh\u00f6rde ist:<\/p>\n<p>Der Hessische Datenschutzbeauftragte<br \/>Postfach 3163<br \/>65021 Wiesbaden<br \/>Poststelle@datenschutz.hessen.de<br \/>Telefon: +49 611 1408 &#8211; 0<br \/>Telefax: +49 611 1408 &#8211; 900<\/p>\n<h3>D. Informationen \u00fcber die Verarbeitung personenbezogener Daten<\/h3>\n<p>Unsere Website dient ausschlie\u00dflich der informatorischen Nutzung. Bei dieser rein informatorischen Nutzung der Website werden durch den auf Ihrem Endger\u00e4t zum Einsatz kommenden Browser technisch bedingt bestimmte Informationen an den Server unserer Website gesendet, beispielsweise Ihre IP-Adresse. Wir verarbeiten diese Informationen zur Bereitstellung der von Ihnen aufgerufenen Inhalte der Website. Zur Gew\u00e4hrleistung der Sicherheit der f\u00fcr die Bereitstellung der Website eingesetzten IT-Infrastruktur werden diese Informationen au\u00dferdem tempor\u00e4r in einem sog. Webserver-Logfile gespeichert.<\/p>\n<p>Um Ihnen eine informatorische Nutzung der Website zu erm\u00f6glichen setzen wir auf der Website Cookies ein, mittels derer personenbezogene Daten verarbeitet werden.<\/p>\n<p>Im Folgenden erhalten Sie detailliertere Informationen hierzu:<\/p>\n<h3>IV.I. Details zu den personenbezogenen Daten, die verarbeitet werden Protokolldaten, die beim Aufruf der Website \u00fcber das Hypertext Transfer Protocol (Secure) (HTTP(S)) technisch bedingt anfallen (\u201eHTTP-Daten\u201c).<\/h3>\n<p>Personenbezogene Daten, die in den Kategorien enthalten sind<\/p>\n<ul>\n<li>Dom\u00e4nenname des Internet-Service-Providers, IP-Adresse, Typ und Version Ihres Internet-Browsers, verwendetes Betriebssystem, die aufgerufene Seite, die zuvor besuchte Seite (Referer URL), Datum und Uhrzeit des Abrufs.<\/li>\n<\/ul>\n<p>Verpflichtung zur Bereitstellung der Daten<\/p>\n<ul>\n<li>Bereitstellung ist nicht gesetzlich oder vertraglich vorgeschrieben oder f\u00fcr einen Vertragsabschluss erforderlich. Es besteht keine Verpflichtung zur Bereitstellung der Daten.<\/li>\n<\/ul>\n<p>Im Falle einer Nichtbereitstellung der Daten k\u00f6nnen wir die aufgerufenen Inhalte der Website nicht bereitstellen.<\/p>\n<p>Speicherdauer<\/p>\n<ul>\n<li>Daten werden in Server-Log-Dateien in einer Form, die die Identifizierung der betroffenen Personen erm\u00f6glicht, maximal f\u00fcr einen Zeitraum von 7 Tagen gespeichert, es sei denn, dass ein sicherheitsrelevantes Ereignis auftritt (z.B. ein DDoS-Angriff). Im Fall eines sicherheitsrelevanten Ereignisses werden Server-Log-Dateien bis zur Beseitigung und vollst\u00e4ndigen Aufkl\u00e4rung des sicherheitsrelevanten Ereignisses gespeichert.<\/li>\n<\/ul>\n<h3>Daten, die in unbedingt erforderlichen Cookies zur Einheitlichen Darstellung des Layouts unserer Website auf dem Endger\u00e4t des Nutzers gespeichert werden (\u201eCookie-Daten\u201c)<\/h3>\n<p>Cookies sind kleine Textdateien mit Informationen, die bei dem Besuch einer Website \u00fcber den Browser auf dem Endger\u00e4t des Nutzers platziert werden k\u00f6nnen. Beim einem erneuten Aufruf der Website mit demselben Endger\u00e4t kann das Cookie und die darin gespeicherten Informationen abgerufen werden.<br \/>Personenbezogene Daten, die in den Kategorien enthalten sind<\/p>\n<p>Bildschirmbreite, Ja\/Nein-Angabe, ob es Ihr erster Besuch auf unserer Website innerhalb der aktuellen Browser-Sitzung ist.<br \/>Verpflichtung zur Bereitstellung der Daten<\/p>\n<p>Bereitstellung ist nicht gesetzlich oder vertraglich vorgeschrieben oder f\u00fcr einen Vertragsabschluss erforderlich. Es besteht keine Verpflichtung zur Bereitstellung der Daten.<br \/>Im Falle einer Nichtbereitstellung der Daten k\u00f6nnen wir die aufgerufenen Inhalte der Website nicht bereitstellen.<\/p>\n<p>Speicherdauer<\/p>\n<ul>\n<li>Wir speichern diese Daten nicht auf unseren Systemen.<br \/>Cookie \u201eag_screenwidth\u201c hat eine G\u00fcltigkeitsdauer von einem Tag.<br \/>Das Cookie \u201efirstvisit\u201c wird automatisch gel\u00f6scht, wenn Sie Ihren Browser schlie\u00dfen.<\/li>\n<\/ul>\n<h3>IV.II. Details zu der Verarbeitung der personenbezogenen Daten<\/h3>\n<p>Es findet generell keine Automatisierte Entscheidungsfindung statt.<\/p>\n<p>Zur Bereitstellung der durch den Nutzer aufgerufenen Inhalte der Website werden HTTP-Daten tempor\u00e4r auf unserem Webserver verarbeitet.<\/p>\n<p>Kategorien personenbezogener Daten, die verarbeitet werden<\/p>\n<ul>\n<li>HTTP-Daten<\/li>\n<\/ul>\n<p>Rechtsgrundlage und ggf. berechtigte Interessen<\/p>\n<ul>\n<li>Interessenabw\u00e4gung (Artikel 6 Absatz 1 Buchstabe f der Datenschutz-Grundverordnung). Unser berechtigtes Interesse ist die Bereitstellung der durch den Nutzer aufgerufenen Inhalte der Website.<\/li>\n<\/ul>\n<p>Empf\u00e4nger<\/p>\n<ul>\n<li>Hosting-Provider (Auftragsverarbeiter mit Sitz und Datenverarbeitung ausschlie\u00dflich in der EU).<\/li>\n<\/ul>\n<h3>Zur Gew\u00e4hrleistung der Sicherheit der f\u00fcr die Bereitstellung der Website eingesetzten IT-Infrastruktur, insbesondere zur Feststellung, Beseitigung und beweissicheren Dokumentation von St\u00f6rungen (z.B. DDoS-Angriffen) werden HTTP-Daten tempor\u00e4r in Webserver-Log-Dateien verarbeitet.<\/h3>\n<p>Kategorien personenbezogener Daten, die verarbeitet werden<\/p>\n<ul>\n<li>HTTP-Daten<\/li>\n<\/ul>\n<p>Rechtsgrundlage und ggf. berechtigte Interessen<\/p>\n<ul>\n<li>Interessenabw\u00e4gung (Artikel 6 Absatz 1 Buchstabe f der Datenschutz-Grundverordnung). Unser berechtigtes Interesse ist die Gew\u00e4hrleistung der Sicherheit der f\u00fcr die Bereitstellung der Website eingesetzten IT-Infrastruktur, insbesondere zur Feststellung, Beseitigung und beweissicheren Dokumentation von St\u00f6rungen (z.B. DDoS-Angriffen).<\/li>\n<\/ul>\n<p>Empf\u00e4nger<\/p>\n<ul>\n<li>Hosting-Provider (Auftragsverarbeiter mit Sitz und Datenverarbeitung ausschlie\u00dflich in der EU).<\/li>\n<\/ul>\n<h3>Zur Einheitlichen Darstellung des Layouts unserer Website werden Daten aus unbedingt erforderlichen Cookies tempor\u00e4r auf unserem Webserver verarbeitet.<\/h3>\n<p>Kategorien personenbezogener Daten, die verarbeitet werden<\/p>\n<ul>\n<li>Cookie-Daten<\/li>\n<\/ul>\n<p>Rechtsgrundlage und ggf. berechtigte Interessen<\/p>\n<ul>\n<li>Interessenabw\u00e4gung (Artikel 6 Absatz 1 Buchstabe f der Datenschutz-Grundverordnung). Unser berechtigtes Interesse ist die Bereitstellung der durch den Nutzer aufgerufenen informatorischen Funktion der Website.<\/li>\n<\/ul>\n<p>Empf\u00e4nger<\/p>\n<ul>\n<li>Hosting-Provider (Auftragsverarbeiter mit Sitz und Datenverarbeitung ausschlie\u00dflich in der EU).<\/li>\n<\/ul>\n<h3>E. Stand und \u00c4nderung dieser Datenschutzinformationen<\/h3>\n<p>Diese Datenschutzinformation hat den Stand 17.05.2018.<\/p>\n<p>Aufgrund technischer Weiterentwicklung und\/oder aufgrund ge\u00e4nderter gesetzlicher und\/oder beh\u00f6rdlicher Vorgaben kann es notwendig werden, diese Datenschutzinformationen anzupassen.<\/p>\n<p>Die jeweils aktuelle Datenschutzinformation kann jederzeit unter www.theexecutivefinder.eu abgerufen werden.<\/p>\n\n\n\t\t<\/div>\n\t\t\t\t\n<style>\n#col-1540486032 > .col-inner {\n  padding: 0px 0px 0px 20px;\n}\n<\/style>\n\t<\/div>\n\n\t\n\n\t<div id=\"col-1993755101\" class=\"col medium-12 small-12 large-6\"  >\n\t\t\t\t<div class=\"col-inner\"  >\n\t\t\t\n\t\t\t\n<h2><span style=\"font-size: 120%;\">Kontaktanfrage<\/span><\/h2>\n\t<div id=\"gap-142686194\" class=\"gap-element clearfix\" style=\"display:block; height:auto;\">\n\t\t\n<style>\n#gap-142686194 {\n  padding-top: 20px;\n}\n@media (min-width:550px) {\n  #gap-142686194 {\n    padding-top: 20px;\n  }\n}\n@media (min-width:850px) {\n  #gap-142686194 {\n    padding-top: 30px;\n  }\n}\n<\/style>\n\t<\/div>\n\t\n\n<div class=\"wpcf7 no-js\" id=\"wpcf7-f461-o1\" lang=\"de-DE\" dir=\"ltr\" data-wpcf7-id=\"461\">\n<div class=\"screen-reader-response\"><p role=\"status\" aria-live=\"polite\" aria-atomic=\"true\"><\/p> <ul><\/ul><\/div>\n<form action=\"\/en\/wp-json\/wp\/v2\/pages\/24#wpcf7-f461-o1\" method=\"post\" class=\"wpcf7-form init\" aria-label=\"Kontaktformular\" novalidate=\"novalidate\" data-status=\"init\">\n<fieldset class=\"hidden-fields-container\"><input type=\"hidden\" name=\"_wpcf7\" value=\"461\" \/><input type=\"hidden\" name=\"_wpcf7_version\" value=\"6.1.5\" \/><input type=\"hidden\" name=\"_wpcf7_locale\" value=\"de_DE_formal\" \/><input type=\"hidden\" name=\"_wpcf7_unit_tag\" value=\"wpcf7-f461-o1\" \/><input type=\"hidden\" name=\"_wpcf7_container_post\" value=\"0\" \/><input type=\"hidden\" name=\"_wpcf7_posted_data_hash\" value=\"\" \/><input type=\"hidden\" name=\"_wpcf7_recaptcha_response\" value=\"\" \/>\n<\/fieldset>\n<p><label> Ihr Name<br \/>\n<span class=\"wpcf7-form-control-wrap\" data-name=\"your-name\"><input size=\"40\" maxlength=\"400\" class=\"wpcf7-form-control wpcf7-text wpcf7-validates-as-required\" autocomplete=\"name\" aria-required=\"true\" aria-invalid=\"false\" value=\"\" type=\"text\" name=\"your-name\" \/><\/span> <\/label>\n<\/p>\n<p><label> Ihre E-Mail-Adresse<br \/>\n<span class=\"wpcf7-form-control-wrap\" data-name=\"your-email\"><input size=\"40\" maxlength=\"400\" class=\"wpcf7-form-control wpcf7-email wpcf7-validates-as-required wpcf7-text wpcf7-validates-as-email\" autocomplete=\"email\" aria-required=\"true\" aria-invalid=\"false\" value=\"\" type=\"email\" name=\"your-email\" \/><\/span> <\/label>\n<\/p>\n<p><label> Betreff<br \/>\n<span class=\"wpcf7-form-control-wrap\" data-name=\"your-subject\"><input size=\"40\" maxlength=\"400\" class=\"wpcf7-form-control wpcf7-text wpcf7-validates-as-required\" aria-required=\"true\" aria-invalid=\"false\" value=\"\" type=\"text\" name=\"your-subject\" \/><\/span> <\/label>\n<\/p>\n<p><label> Ihre Nachricht<br \/>\n<span class=\"wpcf7-form-control-wrap\" data-name=\"your-message\"><textarea cols=\"40\" rows=\"10\" maxlength=\"2000\" class=\"wpcf7-form-control wpcf7-textarea wpcf7-validates-as-required\" aria-required=\"true\" aria-invalid=\"false\" name=\"your-message\"><\/textarea><\/span> <\/label>\n<\/p>\n<p><input class=\"wpcf7-form-control wpcf7-submit has-spinner\" type=\"submit\" value=\"Senden\" \/>\n<\/p><div class=\"wpcf7-response-output\" aria-hidden=\"true\"><\/div>\n<\/form>\n<\/div>\n\n\t\t<\/div>\n\t\t\t\t\t<\/div>\n\n\t\n\n<style>\n#row-422856373 > .col > .col-inner {\n  padding: 0px 15px 0px 15px;\n}\n<\/style>\n<\/div>\n\t\t<\/div>\n\t\t\t\t\n<style>\n#col-2097966496 > .col-inner {\n  padding: 50px 20px 0px 20px;\n  margin: -0 0px 0px 0px;\n}\n@media (min-width:550px) {\n  #col-2097966496 > .col-inner {\n    padding: 50px 20px 30px 20px;\n    margin: 0 0px 0px 0px;\n  }\n}\n@media (min-width:850px) {\n  #col-2097966496 > .col-inner {\n    padding: 66px 5% 16px 5%;\n    margin: -135px 0px 0px 0px;\n  }\n}\n<\/style>\n\t<\/div>\n\n\t\n<\/div>\n<div class=\"row row-collapse row-full-width\"  id=\"row-497891123\">\n\n\t<div id=\"col-1434109688\" class=\"col small-12 large-12\"  >\n\t\t\t\t<div class=\"col-inner\"  >\n\t\t\t\n\t\t\t\n\n\t<script type=\"text\/javascript\">\n  jQuery( document ).ready(function() {\n    function initialize() {\n        var styles = {\n            'flatsome':  [{\n            \"featureType\": \"administrative\",\n            \"stylers\": [\n              { \"visibility\": \"on\" }\n            ]\n          },\n          {\n            \"featureType\": \"road\",\n            \"stylers\": [\n              { \"visibility\": \"on\" },\n              { \"hue\": \"\" }\n            ]\n          },\n          {\n            \"stylers\": [\n\t\t\t  { \"visibility\": \"on\" },\n\t\t\t  { \"hue\": \"\" },\n\t\t\t  { \"saturation\": -98 }\n            ]\n          }\n        ]};\n\n        var myLatlng = new google.maps.LatLng(51.3409344, 12.3595521);\n        var myOptions = {\n            zoom: 15,\n            center: myLatlng,\n            mapTypeId: google.maps.MapTypeId.ROADMAP,\n            disableDefaultUI: true,\n            mapTypeId: 'flatsome',\n            draggable: true,\n            zoomControl: false,\n            zoomControlOptions: {\n              position: google.maps.ControlPosition.TOP_LEFT\n            },\n      \t\t\tmapTypeControl: false,\n            mapTypeControlOptions: {\n              position: google.maps.ControlPosition.TOP_LEFT\n            },\n      \t\t\tstreetViewControl: false,\n            streetViewControlOptions: {\n              position: google.maps.ControlPosition.TOP_LEFT\n            },\n            scrollwheel: false,\n            disableDoubleClickZoom: true\n        }\n        var map = new google.maps.Map(document.getElementById(\"map-2212092079-inner\"), myOptions);\n        var styledMapType = new google.maps.StyledMapType(styles['flatsome'], {name: 'flatsome'});\n        map.mapTypes.set('flatsome', styledMapType);\n\n        var marker = new google.maps.Marker({\n            position: myLatlng,\n            map: map,\n            title:\"\"\n        });\n    }\n\n    \/\/ Required to proceed\n    if (!(typeof google === 'object' && typeof google.maps === 'object')) {\n      return\n    }\n\n    initialize()\n    google.maps.event.addDomListener(window, 'resize', initialize);\n    });\n    <\/script>\n\n    <div class=\"google-map relative mb\" id=\"map-2212092079\">\n        <div class=\"map-height\" id=\"map-2212092079-inner\"><\/div>\n        <div id=\"map_overlay_top\"><\/div>\n        <div id=\"map_overlay_bottom\"><\/div>\n         \n       \n<style>\n#map-2212092079 .map-inner {\n  background-color: #fff;\n  max-width: 100%;\n}\n#map-2212092079 .map-height {\n  height: 300px;\n}\n@media (min-width:550px) {\n  #map-2212092079 .map-inner {\n    max-width: 40%;\n  }\n  #map-2212092079 .map-height {\n    height: 600px;\n  }\n}\n@media (min-width:850px) {\n  #map-2212092079 .map-inner {\n    max-width: 0%;\n  }\n}\n<\/style>\n    <\/div>\n\n\t\n\t\t<\/div>\n\t\t\t\t\n<style>\n#col-1434109688 > .col-inner {\n  padding: 0px 30px 0px 30px;\n}\n<\/style>\n\t<\/div>\n\n\t\n<\/div>\n","protected":false},"excerpt":{"rendered":"","protected":false},"author":3,"featured_media":0,"parent":0,"menu_order":0,"comment_status":"closed","ping_status":"closed","template":"page-blank.php","meta":{"_monsterinsights_skip_tracking":false,"_monsterinsights_sitenote_active":false,"_monsterinsights_sitenote_note":"","_monsterinsights_sitenote_category":0,"footnotes":""},"class_list":["post-24","page","type-page","status-publish","hentry"],"yoast_head":"<!-- This site is optimized with the Yoast SEO Premium plugin v23.0 (Yoast SEO v27.4) - https:\/\/yoast.com\/product\/yoast-seo-premium-wordpress\/ -->\n<title>Datenschutz - Astrid Tostmann - The Executive Finder<\/title>\n<meta name=\"robots\" content=\"index, follow, max-snippet:-1, max-image-preview:large, max-video-preview:-1\" \/>\n<link rel=\"canonical\" href=\"https:\/\/www.theexecutivefinder.eu\/en\/data-protection\/\" \/>\n<meta property=\"og:locale\" content=\"en_US\" \/>\n<meta property=\"og:type\" content=\"article\" \/>\n<meta property=\"og:title\" content=\"Datenschutz\" \/>\n<meta property=\"og:url\" content=\"https:\/\/www.theexecutivefinder.eu\/en\/data-protection\/\" \/>\n<meta property=\"og:site_name\" content=\"Astrid Tostmann - The Executive Finder\" \/>\n<meta property=\"article:modified_time\" content=\"2024-06-26T07:29:26+00:00\" \/>\n<meta name=\"twitter:card\" content=\"summary_large_image\" \/>\n<meta name=\"twitter:label1\" content=\"Est. reading time\" \/>\n\t<meta name=\"twitter:data1\" content=\"14 minutes\" \/>\n<script type=\"application\/ld+json\" class=\"yoast-schema-graph\">{\"@context\":\"https:\\\/\\\/schema.org\",\"@graph\":[{\"@type\":\"WebPage\",\"@id\":\"https:\\\/\\\/www.theexecutivefinder.eu\\\/datenschutz\\\/\",\"url\":\"https:\\\/\\\/www.theexecutivefinder.eu\\\/datenschutz\\\/\",\"name\":\"Datenschutz - Astrid Tostmann - The Executive Finder\",\"isPartOf\":{\"@id\":\"https:\\\/\\\/www.theexecutivefinder.eu\\\/#website\"},\"datePublished\":\"2021-09-24T10:20:18+00:00\",\"dateModified\":\"2024-06-26T07:29:26+00:00\",\"breadcrumb\":{\"@id\":\"https:\\\/\\\/www.theexecutivefinder.eu\\\/datenschutz\\\/#breadcrumb\"},\"inLanguage\":\"en-US\",\"potentialAction\":[{\"@type\":\"ReadAction\",\"target\":[\"https:\\\/\\\/www.theexecutivefinder.eu\\\/datenschutz\\\/\"]}]},{\"@type\":\"BreadcrumbList\",\"@id\":\"https:\\\/\\\/www.theexecutivefinder.eu\\\/datenschutz\\\/#breadcrumb\",\"itemListElement\":[{\"@type\":\"ListItem\",\"position\":1,\"name\":\"Startseite\",\"item\":\"https:\\\/\\\/www.theexecutivefinder.eu\\\/\"},{\"@type\":\"ListItem\",\"position\":2,\"name\":\"Datenschutz\"}]},{\"@type\":\"WebSite\",\"@id\":\"https:\\\/\\\/www.theexecutivefinder.eu\\\/#website\",\"url\":\"https:\\\/\\\/www.theexecutivefinder.eu\\\/\",\"name\":\"Astrid Tostmann - The Executive Finder\",\"description\":\"\",\"publisher\":{\"@id\":\"https:\\\/\\\/www.theexecutivefinder.eu\\\/#organization\"},\"potentialAction\":[{\"@type\":\"SearchAction\",\"target\":{\"@type\":\"EntryPoint\",\"urlTemplate\":\"https:\\\/\\\/www.theexecutivefinder.eu\\\/?s={search_term_string}\"},\"query-input\":{\"@type\":\"PropertyValueSpecification\",\"valueRequired\":true,\"valueName\":\"search_term_string\"}}],\"inLanguage\":\"en-US\"},{\"@type\":\"Organization\",\"@id\":\"https:\\\/\\\/www.theexecutivefinder.eu\\\/#organization\",\"name\":\"Astrid Tostmann - The Executive Finder\",\"alternateName\":\"Tostmann - The Executive Finder\",\"url\":\"https:\\\/\\\/www.theexecutivefinder.eu\\\/\",\"logo\":{\"@type\":\"ImageObject\",\"inLanguage\":\"en-US\",\"@id\":\"https:\\\/\\\/www.theexecutivefinder.eu\\\/#\\\/schema\\\/logo\\\/image\\\/\",\"url\":\"https:\\\/\\\/www.theexecutivefinder.eu\\\/wp-content\\\/uploads\\\/2024\\\/07\\\/Tostmann-The-Executive-Finder-GmbH-696x696-1.jpg\",\"contentUrl\":\"https:\\\/\\\/www.theexecutivefinder.eu\\\/wp-content\\\/uploads\\\/2024\\\/07\\\/Tostmann-The-Executive-Finder-GmbH-696x696-1.jpg\",\"width\":696,\"height\":696,\"caption\":\"Astrid Tostmann - The Executive Finder\"},\"image\":{\"@id\":\"https:\\\/\\\/www.theexecutivefinder.eu\\\/#\\\/schema\\\/logo\\\/image\\\/\"},\"sameAs\":[\"https:\\\/\\\/www.linkedin.com\\\/in\\\/astrid-tostmann-bb976a190\\\/\"],\"email\":\"office@theexecutivefinder.eu\",\"telephone\":\"+49 69 667741380\",\"legalName\":\"Tostmann The Executive Finder GmbH\",\"vatID\":\"DE265592127\"}]}<\/script>\n<!-- \/ Yoast SEO Premium plugin. -->","yoast_head_json":{"title":"Data protection - Astrid Tostmann - The Executive Finder","robots":{"index":"index","follow":"follow","max-snippet":"max-snippet:-1","max-image-preview":"max-image-preview:large","max-video-preview":"max-video-preview:-1"},"canonical":"https:\/\/www.theexecutivefinder.eu\/en\/data-protection\/","og_locale":"en_US","og_type":"article","og_title":"Datenschutz","og_url":"https:\/\/www.theexecutivefinder.eu\/en\/data-protection\/","og_site_name":"Astrid Tostmann - The Executive Finder","article_modified_time":"2024-06-26T07:29:26+00:00","twitter_card":"summary_large_image","twitter_misc":{"Est. reading time":"14 minutes"},"schema":{"@context":"https:\/\/schema.org","@graph":[{"@type":"WebPage","@id":"https:\/\/www.theexecutivefinder.eu\/datenschutz\/","url":"https:\/\/www.theexecutivefinder.eu\/datenschutz\/","name":"Data protection - Astrid Tostmann - The Executive Finder","isPartOf":{"@id":"https:\/\/www.theexecutivefinder.eu\/#website"},"datePublished":"2021-09-24T10:20:18+00:00","dateModified":"2024-06-26T07:29:26+00:00","breadcrumb":{"@id":"https:\/\/www.theexecutivefinder.eu\/datenschutz\/#breadcrumb"},"inLanguage":"en-US","potentialAction":[{"@type":"ReadAction","target":["https:\/\/www.theexecutivefinder.eu\/datenschutz\/"]}]},{"@type":"BreadcrumbList","@id":"https:\/\/www.theexecutivefinder.eu\/datenschutz\/#breadcrumb","itemListElement":[{"@type":"ListItem","position":1,"name":"Startseite","item":"https:\/\/www.theexecutivefinder.eu\/"},{"@type":"ListItem","position":2,"name":"Datenschutz"}]},{"@type":"WebSite","@id":"https:\/\/www.theexecutivefinder.eu\/#website","url":"https:\/\/www.theexecutivefinder.eu\/","name":"Astrid Tostmann - The Executive Finder","description":"","publisher":{"@id":"https:\/\/www.theexecutivefinder.eu\/#organization"},"potentialAction":[{"@type":"SearchAction","target":{"@type":"EntryPoint","urlTemplate":"https:\/\/www.theexecutivefinder.eu\/?s={search_term_string}"},"query-input":{"@type":"PropertyValueSpecification","valueRequired":true,"valueName":"search_term_string"}}],"inLanguage":"en-US"},{"@type":"Organization","@id":"https:\/\/www.theexecutivefinder.eu\/#organization","name":"Astrid Tostmann - The Executive Finder","alternateName":"Tostmann - The Executive Finder","url":"https:\/\/www.theexecutivefinder.eu\/","logo":{"@type":"ImageObject","inLanguage":"en-US","@id":"https:\/\/www.theexecutivefinder.eu\/#\/schema\/logo\/image\/","url":"https:\/\/www.theexecutivefinder.eu\/wp-content\/uploads\/2024\/07\/Tostmann-The-Executive-Finder-GmbH-696x696-1.jpg","contentUrl":"https:\/\/www.theexecutivefinder.eu\/wp-content\/uploads\/2024\/07\/Tostmann-The-Executive-Finder-GmbH-696x696-1.jpg","width":696,"height":696,"caption":"Astrid Tostmann - The Executive Finder"},"image":{"@id":"https:\/\/www.theexecutivefinder.eu\/#\/schema\/logo\/image\/"},"sameAs":["https:\/\/www.linkedin.com\/in\/astrid-tostmann-bb976a190\/"],"email":"office@theexecutivefinder.eu","telephone":"+49 69 667741380","legalName":"Tostmann The Executive Finder GmbH","vatID":"DE265592127"}]}},"_links":{"self":[{"href":"https:\/\/www.theexecutivefinder.eu\/en\/wp-json\/wp\/v2\/pages\/24","targetHints":{"allow":["GET"]}}],"collection":[{"href":"https:\/\/www.theexecutivefinder.eu\/en\/wp-json\/wp\/v2\/pages"}],"about":[{"href":"https:\/\/www.theexecutivefinder.eu\/en\/wp-json\/wp\/v2\/types\/page"}],"author":[{"embeddable":true,"href":"https:\/\/www.theexecutivefinder.eu\/en\/wp-json\/wp\/v2\/users\/3"}],"replies":[{"embeddable":true,"href":"https:\/\/www.theexecutivefinder.eu\/en\/wp-json\/wp\/v2\/comments?post=24"}],"version-history":[{"count":0,"href":"https:\/\/www.theexecutivefinder.eu\/en\/wp-json\/wp\/v2\/pages\/24\/revisions"}],"wp:attachment":[{"href":"https:\/\/www.theexecutivefinder.eu\/en\/wp-json\/wp\/v2\/media?parent=24"}],"curies":[{"name":"wp","href":"https:\/\/api.w.org\/{rel}","templated":true}]}}